{"id":660,"date":"2025-01-30T10:11:03","date_gmt":"2025-01-30T09:11:03","guid":{"rendered":"https:\/\/www.sov-et.ch\/?page_id=660"},"modified":"2025-01-30T10:43:15","modified_gmt":"2025-01-30T09:43:15","slug":"datenschutzbestimmungen","status":"publish","type":"page","link":"https:\/\/www.sov-et.ch\/index.php\/datenschutzbestimmungen\/","title":{"rendered":"DATENSCHUTZBESTIMMUNGEN"},"content":{"rendered":"\n[et_pb_section fb_built=&#8220;1&#8243; theme_builder_area=&#8220;post_content&#8220; _builder_version=&#8220;4.27.4&#8243; _module_preset=&#8220;default&#8220;][et_pb_row _builder_version=&#8220;4.27.4&#8243; _module_preset=&#8220;default&#8220; theme_builder_area=&#8220;post_content&#8220;][et_pb_column _builder_version=&#8220;4.27.4&#8243; _module_preset=&#8220;default&#8220; type=&#8220;4_4&#8243; theme_builder_area=&#8220;post_content&#8220;][et_pb_text _builder_version=&#8220;4.27.4&#8243; _module_preset=&#8220;default&#8220; theme_builder_area=&#8220;post_content&#8220; hover_enabled=&#8220;0&#8243; sticky_enabled=&#8220;0&#8243;]<p><strong>DATENSCHUTZBESTIMMUNGEN \u00a0DER \u00a0SCHWEIZERISCHEN ORIENTTEPPICHH\u00c4NDLER \u00a0VEREINIGUNG \u00a0SOV<\/strong><\/p>\n<p>&nbsp;<\/p>[\/et_pb_text][et_pb_text _builder_version=&#8220;4.27.4&#8243; _module_preset=&#8220;default&#8220; theme_builder_area=&#8220;post_content&#8220; hover_enabled=&#8220;0&#8243; sticky_enabled=&#8220;0&#8243;]<p style=\"font-weight: 400;\"><strong>INHALTSVERZEICHNIS<\/strong><\/p>\n<ol>\n<li style=\"font-weight: 400;\">Zielsetzung und verantwortliche Stelle<\/li>\n<li style=\"font-weight: 400;\">Grunds\u00e4tzliche Angaben zur Datenverarbeitung<\/li>\n<li style=\"font-weight: 400;\">Verarbeitung personenbezogener Daten<\/li>\n<li style=\"font-weight: 400;\">Erhebung von Zugriffsdaten<\/li>\n<li style=\"font-weight: 400;\">Cookies &amp; Reichweitenmessung<\/li>\n<li style=\"font-weight: 400;\">Google Analytics<\/li>\n<li style=\"font-weight: 400;\">Google-Re\/Marketing-Services<\/li>\n<li style=\"font-weight: 400;\">Facebook Social Plugins<\/li>\n<li style=\"font-weight: 400;\">Facebook Remarketing<\/li>\n<li style=\"font-weight: 400;\">Newsletter<\/li>\n<li style=\"font-weight: 400;\">Einbindung von Diensten und Inhalten Dritter<\/li>\n<li style=\"font-weight: 400;\">Rechte der Nutzer und L\u00f6schung<\/li>\n<li style=\"font-weight: 400;\">\u00c4nderungen der Datenschutzerkl\u00e4rung<\/li>\n<\/ol>\n<ol>\n<li style=\"font-weight: 400;\"><strong>ZIELSETZUNG UND VERANTWORTLICHE STELLE<\/strong><\/li>\n<\/ol>\n<p style=\"font-weight: 400;\">Diese Datenschutzerkl\u00e4rung kl\u00e4rt \u00fcber die Art, den Umfang und Zweck der Verarbeitung (u.a. Erhebung, Verarbeitung und Nutzung sowie Einholung von Einwilligungen) von personenbezogenen Daten innerhalb unseres Onlineangebotes und der mit ihm verbundenen Webseiten, Funktionen und Inhalte (nachfolgend gemeinsam bezeichnet als \u201eOnlineangebot\u201c oder \u201eWebsite\u201c) auf. Die Datenschutzerkl\u00e4rung gilt unabh\u00e4ngig von den verwendeten Domains, Systemen, Plattformen und Ger\u00e4ten (z.B. Desktop oder Mobile) auf denen das Onlineangebot ausgef\u00fchrt wird.<\/p>\n<p style=\"font-weight: 400;\">Anbieter des Onlineangebotes und die datenschutzrechtlich verantwortliche Stelle ist die Schweizereische Orientteppichh\u00e4ndler Vereinigung SOV, Bernstrasse 11, CH-3250 Lys (nachfolgend bezeichnet als \u201eAnbieterIn\u201c, \u201ewir\u201c oder \u201euns\u201c). F\u00fcr die Kontaktm\u00f6glichkeiten verweisen wir auf unser Impressum.<\/p>\n<p style=\"font-weight: 400;\">Der Begriff \u201eNutzer\u201c umfasst alle Kunden und Besucher unseres Onlineangebotes. Die verwendeten Begrifflichkeiten, wie z.B. \u201eNutzer\u201c sind geschlechtsneutral zu verstehen.<\/p>\n<ol start=\"2\">\n<li style=\"font-weight: 400;\"><strong>GRUNDS\u00c4TZLICHE ANGABEN ZUR DATENVERARBEITUNG<\/strong><\/li>\n<\/ol>\n<p style=\"font-weight: 400;\">Wir verarbeiten personenbezogene Daten der Nutzer nur unter Einhaltung der einschl\u00e4gigen Datenschutzbestimmungen entsprechend den Geboten der Datensparsamkeit- und Datenvermeidung. Das bedeutet die Daten der Nutzer werden nur beim Vorliegen einer gesetzlichen Erlaubnis, insbesondere wenn die Daten zur Erbringung unserer vertraglichen Leistungen sowie Online-Services erforderlich, bzw. gesetzlich vorgeschrieben sind oder beim Vorliegen einer Einwilligung verarbeitet.<\/p>\n<p style=\"font-weight: 400;\">Wir treffen organisatorische, vertragliche und technische Sicherheitsma\u00dfnahmen entsprechend dem Stand der Technik, um sicher zu stellen, dass die Vorschriften der Datenschutzgesetze eingehalten werden und um damit die durch uns verarbeiteten Daten gegen zuf\u00e4llige oder vors\u00e4tzliche Manipulationen, Verlust, Zerst\u00f6rung oder gegen den Zugriff unberechtigter Personen zu sch\u00fctzen<\/p>\n<p style=\"font-weight: 400;\">Sofern im Rahmen dieser Datenschutzerkl\u00e4rung Inhalte, Werkzeuge oder sonstige Mittel von anderen Anbietern (nachfolgend gemeinsam bezeichnet als \u201eDritt-Anbieter\u201c) eingesetzt werden und deren genannter Sitz im Ausland ist, ist davon auszugehen, dass ein Datentransfer in die Sitzstaaten der Dritt-Anbieter stattfindet. Die \u00dcbermittlung von Daten in Drittstaaten erfolgt entweder auf Grundlage einer gesetzlichen Erlaubnis, einer Einwilligung der Nutzer oder spezieller Vertragsklauseln, die eine gesetzlich vorausgesetzte Sicherheit der Daten gew\u00e4hrleisten.<\/p>\n<ol start=\"3\">\n<li style=\"font-weight: 400;\"><strong>VERARBEITUNG PERSONENBEZOGENER DATEN<\/strong><\/li>\n<\/ol>\n<p style=\"font-weight: 400;\">Die personenbezogenen Daten werden, neben den ausdr\u00fccklich in dieser Datenschutzerkl\u00e4rung genannten Verwendung, f\u00fcr die folgenden Zwecke auf Grundlage gesetzlicher Erlaubnisse oder Einwilligungen der Nutzer verarbeitet:<\/p>\n<ul>\n<li>Die Zurverf\u00fcgungstellung, Ausf\u00fchrung, Pflege, Optimierung und Sicherung unserer Dienste-, Service- und Nutzerleistungen;<\/li>\n<li>Die Gew\u00e4hrleistung eines effektiven Kundendienstes und technischen Supports.<\/li>\n<\/ul>\n<p style=\"font-weight: 400;\">Wir \u00fcbermitteln die Daten der Nutzer an Dritte nur, wenn dies f\u00fcr Abrechnungszwecke notwendig ist (z.B. an einen Zahlungsdienstleister) oder f\u00fcr andere Zwecke, wenn diese notwendig sind, um unsere vertraglichen Verpflichtungen gegen\u00fcber den Nutzern zu erf\u00fcllen (z.B. Adressmitteilung an Lieferanten).<\/p>\n<p style=\"font-weight: 400;\">Bei der Kontaktaufnahme mit uns (per Kontaktformular oder E-Mail) werden die Angaben des Nutzers zwecks Bearbeitung der Anfrage sowie f\u00fcr den Fall, dass Anschlussfragen entstehen, gespeichert.<\/p>\n<p style=\"font-weight: 400;\">Personenbezogene Daten werden gel\u00f6scht, sofern sie ihren Verwendungszweck erf\u00fcllt haben und der L\u00f6schung keine Aufbewahrungspflichten entgegenstehen.<\/p>\n<ol start=\"4\">\n<li style=\"font-weight: 400;\"><strong>ERHEBUNG VON ZUGRIFFSRECHTEN<\/strong><\/li>\n<\/ol>\n<p style=\"font-weight: 400;\">Wir erheben Daten \u00fcber jeden Zugriff auf den Server, auf dem sich dieser Dienst befindet (so genannte Serverlogfiles). Zu den Zugriffsdaten geh\u00f6ren Name der abgerufenen Webseite, Datei, Datum und Uhrzeit des Abrufs, \u00fcbertragene Datenmenge, Meldung \u00fcber erfolgreichen Abruf, Browsertyp nebst Version, das Betriebssystem des Nutzers, Referrer URL (die zuvor besuchte Seite), IP-Adresse und der anfragende Provider.<\/p>\n<p style=\"font-weight: 400;\">Wir verwenden die Protokolldaten ohne Zuordnung zur Person des Nutzers oder sonstiger Profilerstellung entsprechend den gesetzlichen Bestimmungen nur f\u00fcr statistische Auswertungen zum Zweck des Betriebs, der Sicherheit und der Optimierung unseres Onlineangebotes. Wir behalten uns jedoch vor, die Protokolldaten nachtr\u00e4glich zu \u00fcberpr\u00fcfen, wenn aufgrund konkreter Anhaltspunkte der berechtigte Verdacht einer rechtswidrigen Nutzung besteht.<\/p>\n<ol start=\"5\">\n<li style=\"font-weight: 400;\"><strong>COOKIES &amp; REICHWEITENMESSUNG<\/strong><\/li>\n<\/ol>\n<p style=\"font-weight: 400;\">Cookies sind Informationen, die von unserem Webserver oder Webservern Dritter an die Web-Browser der Nutzer \u00fcbertragen und dort f\u00fcr einen sp\u00e4teren Abruf gespeichert werden. \u00dcber den Einsatz von Cookies im Rahmen pseudonymer Reichweitenmessung werden die Nutzer im Rahmen dieser Datenschutzerkl\u00e4rung informiert.<\/p>\n<p style=\"font-weight: 400;\">Die Betrachtung dieses Onlineangebotes ist auch unter Ausschluss von Cookies m\u00f6glich. Falls die Nutzer nicht m\u00f6chten, dass Cookies auf ihrem Rechner gespeichert werden, werden sie gebeten die entsprechende Option in den Systemeinstellungen ihres Browsers zu deaktivieren. Gespeicherte Cookies k\u00f6nnen in den Systemeinstellungen des Browsers gel\u00f6scht werden. Der Ausschluss von Cookies kann zu Funktionseinschr\u00e4nkungen dieses Onlineangebotes f\u00fchren.<\/p>\n<p style=\"font-weight: 400;\">Es besteht die M\u00f6glichkeit, viele Online-Anzeigen-Cookies von Unternehmen \u00fcber die US-amerikanische Seite <u>www.aboutads.info\/choices<\/u> oder die EU-Seite <u>www.youronlinechoices.com\/uk\/your-ad-choices\/<\/u> zu verwalten.<\/p>\n<ol start=\"6\">\n<li style=\"font-weight: 400;\"><strong>GOOGLE ANALYTICS<\/strong><\/li>\n<\/ol>\n<p style=\"font-weight: 400;\">Wir verwenden Google Analytics nicht.<\/p>\n<ol start=\"7\">\n<li style=\"font-weight: 400;\"><strong>GOOGLE-RE\/MARKETING.SERVICES<\/strong><\/li>\n<\/ol>\n<p style=\"font-weight: 400;\">Wir nutzen die Marketing- und Remarketing-Dienste (kurz \u201eGoogle-Marketing-Services\u201c) der Google Inc., 1600 Amphitheatre Parkway, Mountain View, CA 94043, USA, (\u201eGoogle\u201c) nicht.<\/p>\n<ol start=\"8\">\n<li style=\"font-weight: 400;\"><strong>FACEBOOK SOCIAL PLUGINS<\/strong><\/li>\n<\/ol>\n<p style=\"font-weight: 400;\">Unser Onlineangebot verwendet Social Plugins (\u201ePlugins\u201c) des sozialen Netzwerkes facebook.com, welches von der Facebook Ireland Ltd., 4 Grand Canal Square, Grand Canal Harbour, Dublin 2, Irland betrieben wird (\u201eFacebook\u201c). Die Plugins sind an einem der Facebook Logos erkennbar (wei\u00dfes \u201ef\u201c auf blauer Kachel, den Begriffen \u201eLike\u201c, \u201eGef\u00e4llt mir\u201c oder einem \u201eDaumen hoch\u201c-Zeichen) oder sind mit dem Zusatz \u201eFacebook Social Plugin\u201c gekennzeichnet. Die Liste und das Aussehen der Facebook Social Plugins kann hier eingesehen werden: <u>https:\/\/developers.facebook.com\/docs\/plugins\/<\/u>.<\/p>\n<p style=\"font-weight: 400;\">Wenn ein Nutzer eine Funktion dieses Onlineangebotes aufruft, die ein solches Plugin enth\u00e4lt, baut sein Ger\u00e4t eine direkte Verbindung mit den Servern von Facebook auf. Der Inhalt des Plugins wird von Facebook direkt an das Ger\u00e4t des Nutzers \u00fcbermittelt und von diesem in das Onlineangebot eingebunden. Dabei k\u00f6nnen aus den verarbeiteten Daten Nutzungsprofile der Nutzer erstellt werden. Wir haben daher keinen Einfluss auf den Umfang der Daten, die Facebook mit Hilfe dieses Plugins erhebt und informiert die Nutzer daher entsprechend unserem Kenntnisstand.<\/p>\n<p style=\"font-weight: 400;\">Durch die Einbindung der Plugins erh\u00e4lt Facebook die Information, dass ein Nutzer die entsprechende Seite des Onlineangebotes aufgerufen hat. Ist der Nutzer bei Facebook eingeloggt, kann Facebook den Besuch seinem Facebook-Konto zuordnen. Wenn Nutzer mit den Plugins interagieren, zum Beispiel den Like Button bet\u00e4tigen oder einen Kommentar abgeben, wird die entsprechende Information von Ihrem Ger\u00e4t direkt an Facebook \u00fcbermittelt und dort gespeichert. Falls ein Nutzer kein Mitglied von Facebook ist, besteht trotzdem die M\u00f6glichkeit, dass Facebook seine IP-Adresse in Erfahrung bringt und speichert. Laut Facebook wird in Deutschland nur eine anonymisierte IP-Adresse gespeichert.<\/p>\n<p style=\"font-weight: 400;\">Zweck und Umfang der Datenerhebung und die weitere Verarbeitung und Nutzung der Daten durch Facebook sowie die diesbez\u00fcglichen Rechte und Einstellungsm\u00f6glichkeiten zum Schutz der Privatsph\u00e4re der Nutzer, k\u00f6nnen diese den Datenschutzhinweisen von Facebook entnehmen: <u>https:\/\/www.facebook.com\/about\/privacy\/<\/u>.<\/p>\n<p style=\"font-weight: 400;\">Wenn ein Nutzer Facebookmitglied ist und nicht m\u00f6chte, dass Facebook \u00fcber dieses Onlineangebot Daten \u00fcber ihn sammelt und mit seinen bei Facebook gespeicherten Mitgliedsdaten verkn\u00fcpft, muss er sich vor der Nutzung unseres Onlineangebotes bei Facebook ausloggen und seine Cookies l\u00f6schen. Weitere Einstellungen und Widerspr\u00fcche zur Nutzung von Daten f\u00fcr Werbezwecke, sind innerhalb der Facebook-Profileinstellungen m\u00f6glich: <u>https:\/\/www.facebook.com\/settings?tab=ads<\/u> oder \u00fcber die US-amerikanische Seite <u>www.aboutads.info\/choices\/<\/u> oder die EU-Seite <u>www.youronlinechoices.com<\/u>. Die Einstellungen erfolgen plattformunabh\u00e4ngig, d.h. sie werden f\u00fcr alle Ger\u00e4te, wie Desktopcomputer oder mobile Ger\u00e4te \u00fcbernommen.<\/p>\n<ol start=\"9\">\n<li style=\"font-weight: 400;\"><strong>FACEBOOK REMARKETING<\/strong><\/li>\n<\/ol>\n<p style=\"font-weight: 400;\">Wir verwenden zur Zeit noch keine Facebook Remarketing. Nachfolgender Text hat darum erst zu einem sp\u00e4teren Zeitpunkt G\u00fcltigkeit.<\/p>\n<p style=\"font-weight: 400;\">Innerhalb unseres Onlineangebotes werden sog. \u201eFacebook-Pixel\u201c des sozialen Netzwerkes Facebook, welches von der Facebook Inc., 1 Hacker Way, Menlo Park, CA 94025, USA, bzw. falls Sie in der EU ans\u00e4ssig sind, Facebook Ireland Ltd., 4 Grand Canal Square, Grand Canal Harbour, Dublin 2, Irland betrieben wird (\u201eFacebook\u201c), eingesetzt. Mit Hilfe des Facebook-Pixels ist es Facebook m\u00f6glich, die Besucher unseres Angebotes als Zielgruppe f\u00fcr die Darstellung von Anzeigen, sog. \u201eFacebook-Ads\u201c zu bestimmen. Dementsprechend setzen wir das Facebook -Pixel ein, um die durch uns geschalteten Facebook-Ads nur solchen Facebook-Nutzern anzuzeigen, die auch ein Interesse an unserem Internetangebot gezeigt haben. Das hei\u00dft, mit Hilfe des Facebook -Pixels m\u00f6chten wir sicherstellen, dass unsere Facebook-Ads dem potentiellen Interesse der Nutzer entsprechen und nicht bel\u00e4stigend wirken. Mit Hilfe des Facebook-Pixels k\u00f6nnen wir ferner die Wirksamkeit der Facebook-Werbeanzeigen f\u00fcr statistische und Marktforschungszwecke nachvollziehen, in dem wir sehen ob Nutzer nachdem Klick auf eine Facebook-Werbeanzeige auf unsere Website weitergeleitet wurden.<\/p>\n<p style=\"font-weight: 400;\">Der Facebook-Pixel wird beim Aufruf unserer Webseiten unmittelbar durch Facebook eingebunden und k\u00f6nnen auf Ihrem Ger\u00e4t ein sog. Cookie, d.h. eine kleine Datei abspeichern. Wenn Sie sich anschlie\u00dfend bei Facebook einloggen oder im eingeloggten Zustand Facebook besuchen, wird der Besuch unseres Angebotes in Ihrem Profil vermerkt. Die \u00fcber Sie erhobenen Daten sind f\u00fcr uns anonym, bieten uns also keine R\u00fcckschl\u00fcsse auf die Identit\u00e4t der Nutzer. Allerdings werden die Daten von Facebook gespeichert und verarbeitet, sodass eine Verbindung zum jeweiligen Nutzerprofil m\u00f6glich ist. Die Verarbeitung der Daten durch Facebook erfolgt im Rahmen von Facebooks Datenverwendungsrichtlinie. Dementsprechend erhalten Sie weitere Informationen zur Funktionsweise des Remarketing-Pixels und generell zur Darstellung von Facebook-Ads, in der Datenverwendungsrichtlinie von Facebook: <u>https:\/\/www.facebook.com\/policy.php<\/u>.<\/p>\n<p style=\"font-weight: 400;\">Sie k\u00f6nnen der Erfassung durch den Facebook-Pixel und Verwendung Ihrer Daten zur Darstellung von Facebook-Ads widersprechen. Hierzu k\u00f6nnen Sie die von Facebook eingerichtete Seite aufrufen und dort die Hinweise zu den Einstellungen nutzungsbasierter Werbung befolgen: <u>https:\/\/www.facebook.com\/settings?tab=ads<\/u> oder den Widerspruch \u00fcber die US-amerikanische Seite <u>www.aboutads.info\/choices\/<\/u> oder die EU-Seite <u>www.youronlinechoices.com<\/u> erkl\u00e4ren. Die Einstellungen erfolgen plattformunabh\u00e4ngig, d.h. sie werden f\u00fcr alle Ger\u00e4te, wie Desktopcomputer oder mobile Ger\u00e4te \u00fcbernommen.<\/p>\n<ol start=\"10\">\n<li style=\"font-weight: 400;\"><strong>NEWSLETTER<\/strong><\/li>\n<\/ol>\n<p style=\"font-weight: 400;\">Wir versenden keinen Newsletter.<\/p>\n<ol start=\"11\">\n<li style=\"font-weight: 400;\"><strong>EINBINDUNG VON DIENSTEN UND INHALTEN DRITTER<\/strong><\/li>\n<\/ol>\n<p style=\"font-weight: 400;\">Es kann vorkommen, dass innerhalb unseres Onlineangebotes Inhalte oder Dienste von Dritt-Anbietern, wie zum Beispiel Stadtpl\u00e4ne oder Schriftarten usw. von anderen Webseiten eingebunden werden. Die Einbindung von Inhalten der Dritt-Anbieter setzt immer voraus, dass die Dritt-Anbieter die IP-Adresse der Nutzer wahrnehmen, da sie ohne die IP-Adresse die Inhalte nicht an den Browser der Nutzer senden k\u00f6nnten. Die IP-Adresse ist damit f\u00fcr die Darstellung dieser Inhalte erforderlich. Des Weiteren k\u00f6nnen die Anbieter der Dritt-Inhalte eigene Cookies setzen und die Daten der Nutzer f\u00fcr eigene Zwecke verarbeiten. Dabei k\u00f6nnen aus den verarbeiteten Daten Nutzungsprofile der Nutzer erstellt werden. Wir werden diese Inhalte m\u00f6glichst datensparsam und datenvermeidend einsetzen sowie im Hinblick auf die Datensicherheit zuverl\u00e4ssige Dritt-Anbieter w\u00e4hlen.<\/p>\n<p style=\"font-weight: 400;\">Die nachfolgende Darstellung bietet eine \u00dcbersicht von Dritt-Anbietern sowie ihrer Inhalte, nebst Links zu deren Datenschutzerkl\u00e4rungen, welche weitere Hinweise zur Verarbeitung von Daten und, z.T. bereits hier genannt, Widerspruchsm\u00f6glichkeiten (sog. Opt-Out) enthalten:<\/p>\n<p style=\"font-weight: 400;\">&#8211; Externe Schriftarten von Google, Inc., <u>https:\/\/www.google.com\/fonts<\/u> (\u201eGoogle Fonts\u201c). Die Einbindung der Google Fonts erfolgt durch einen Serveraufruf bei Google (in der Regel in den USA). Datenschutzerkl\u00e4rung: <u>https:\/\/www.google.com\/policies\/privacy\/<\/u>, Opt-Out: <u>https:\/\/www.google.com\/settings\/ads\/<\/u>.<\/p>\n<p style=\"font-weight: 400;\">&#8211; Landkarten des Dienstes \u201eGoogle Maps\u201c des Dritt-Anbieters Google Inc., 1600 Amphitheatre Parkway, Mountain View, CA 94043, USA, gestellt. Datenschutzerkl\u00e4rung: <u>https:\/\/www.google.com\/policies\/privacy\/<\/u>, Opt-Out: <u>https:\/\/www.google.com\/settings\/ads\/<\/u>.<\/p>\n<p style=\"font-weight: 400;\">&#8211; Videos der Plattform \u201eYouTube\u201c des Dritt-Anbieters Google Inc., 1600 Amphitheatre Parkway, Mountain View, CA 94043, USA. Datenschutzerkl\u00e4rung: <u>https:\/\/www.google.com\/policies\/privacy\/<\/u>, Opt-Out: <u>https:\/\/www.google.com\/settings\/ads\/<\/u>.<\/p>\n<ol start=\"12\">\n<li style=\"font-weight: 400;\"><strong>RECHTE DER NUTZER UND L\u00d6SCHUNG DER DATEN<\/strong><\/li>\n<\/ol>\n<p style=\"font-weight: 400;\">Nutzer haben das Recht, auf Antrag unentgeltlich Auskunft zu erhalten \u00fcber die personenbezogenen Daten, die von uns \u00fcber sie gespeichert wurden.<\/p>\n<p style=\"font-weight: 400;\">Zus\u00e4tzlich haben die Nutzer das Recht auf Berichtigung unrichtiger Daten, Widerruf von Einwilligungen, Sperrung und L\u00f6schung ihrer personenbezogenen Daten sowie das Recht, im Fall der Annahme einer unrechtm\u00e4\u00dfigen Datenverarbeitung eine Beschwerde bei der zust\u00e4ndigen Aufsichtsbeh\u00f6rde einzureichen.<\/p>\n<p style=\"font-weight: 400;\">Die bei uns gespeicherten Daten werden gel\u00f6scht, sobald sie f\u00fcr ihre Zweckbestimmung nicht mehr erforderlich sind und der L\u00f6schung keine gesetzlichen Aufbewahrungspflichten entgegenstehen.<\/p>\n<ol start=\"13\">\n<li style=\"font-weight: 400;\"><strong>\u00c4NDERUNG DER DATENSCHUTZERKL\u00c4RUNG<\/strong><\/li>\n<\/ol>\n<p style=\"font-weight: 400;\">Wir behalten uns vor, die Datenschutzerkl\u00e4rung zu \u00e4ndern, um sie an ge\u00e4nderte Rechtslagen, oder bei \u00c4nderungen des Dienstes sowie der Datenverarbeitung, anzupassen. Dies gilt jedoch nur im Hinblick auf Erkl\u00e4rungen zur Datenverarbeitung. Sofern Einwilligungen der Nutzer erforderlich sind oder Bestandteile der Datenschutzerkl\u00e4rung Regelungen des Vertragsverh\u00e4ltnisses mit den Nutzern enthalten, erfolgen die \u00c4nderungen nur mit Zustimmung der Nutzer.<\/p>\n<p style=\"font-weight: 400;\">Die Nutzer werden gebeten sich regelm\u00e4\u00dfig \u00fcber den Inhalt der Datenschutzerkl\u00e4rung zu informieren.<\/p>\n<p style=\"font-weight: 400;\">Stand: 30. Januar 2025<\/p>[\/et_pb_text][\/et_pb_column][\/et_pb_row][\/et_pb_section]\n","protected":false},"excerpt":{"rendered":"<p>DATENSCHUTZBESTIMMUNGEN \u00a0DER \u00a0SCHWEIZERISCHEN ORIENTTEPPICHH\u00c4NDLER \u00a0VEREINIGUNG \u00a0SOV &nbsp;INHALTSVERZEICHNIS Zielsetzung und verantwortliche Stelle Grunds\u00e4tzliche Angaben zur Datenverarbeitung Verarbeitung personenbezogener Daten Erhebung von Zugriffsdaten Cookies &amp; Reichweitenmessung Google Analytics Google-Re\/Marketing-Services Facebook Social Plugins Facebook Remarketing Newsletter Einbindung von Diensten und Inhalten Dritter Rechte der Nutzer und L\u00f6schung \u00c4nderungen der Datenschutzerkl\u00e4rung ZIELSETZUNG UND VERANTWORTLICHE STELLE Diese Datenschutzerkl\u00e4rung kl\u00e4rt \u00fcber [&hellip;]<\/p>\n","protected":false},"author":1,"featured_media":0,"parent":0,"menu_order":0,"comment_status":"closed","ping_status":"closed","template":"","meta":{"_et_pb_use_builder":"on","_et_pb_old_content":"","_et_gb_content_width":"","footnotes":""},"class_list":["post-660","page","type-page","status-publish","hentry"],"yoast_head":"<!-- This site is optimized with the Yoast SEO plugin v27.4 - https:\/\/yoast.com\/product\/yoast-seo-wordpress\/ -->\n<title>DATENSCHUTZBESTIMMUNGEN - Orientteppiche<\/title>\n<meta name=\"robots\" content=\"index, follow, max-snippet:-1, max-image-preview:large, max-video-preview:-1\" \/>\n<link rel=\"canonical\" href=\"https:\/\/www.sov-et.ch\/index.php\/datenschutzbestimmungen\/\" \/>\n<meta property=\"og:locale\" content=\"de_DE\" \/>\n<meta property=\"og:type\" content=\"article\" \/>\n<meta property=\"og:title\" content=\"DATENSCHUTZBESTIMMUNGEN - Orientteppiche\" \/>\n<meta property=\"og:description\" content=\"DATENSCHUTZBESTIMMUNGEN \u00a0DER \u00a0SCHWEIZERISCHEN ORIENTTEPPICHH\u00c4NDLER \u00a0VEREINIGUNG \u00a0SOV &nbsp;INHALTSVERZEICHNIS Zielsetzung und verantwortliche Stelle Grunds\u00e4tzliche Angaben zur Datenverarbeitung Verarbeitung personenbezogener Daten Erhebung von Zugriffsdaten Cookies &amp; Reichweitenmessung Google Analytics Google-Re\/Marketing-Services Facebook Social Plugins Facebook Remarketing Newsletter Einbindung von Diensten und Inhalten Dritter Rechte der Nutzer und L\u00f6schung \u00c4nderungen der Datenschutzerkl\u00e4rung ZIELSETZUNG UND VERANTWORTLICHE STELLE Diese Datenschutzerkl\u00e4rung kl\u00e4rt \u00fcber [&hellip;]\" \/>\n<meta property=\"og:url\" content=\"https:\/\/www.sov-et.ch\/index.php\/datenschutzbestimmungen\/\" \/>\n<meta property=\"og:site_name\" content=\"Orientteppiche\" \/>\n<meta property=\"article:modified_time\" content=\"2025-01-30T09:43:15+00:00\" \/>\n<meta property=\"og:image\" content=\"https:\/\/www.sov-et.ch\/wp-content\/uploads\/2025\/01\/Endlosknoten-Kopie.jpg\" \/>\n\t<meta property=\"og:image:width\" content=\"392\" \/>\n\t<meta property=\"og:image:height\" content=\"256\" \/>\n\t<meta property=\"og:image:type\" content=\"image\/jpeg\" \/>\n<meta name=\"twitter:card\" content=\"summary_large_image\" \/>\n<meta name=\"twitter:label1\" content=\"Gesch\u00e4tzte Lesezeit\" \/>\n\t<meta name=\"twitter:data1\" content=\"11\u00a0Minuten\" \/>\n<script type=\"application\/ld+json\" class=\"yoast-schema-graph\">{\"@context\":\"https:\\\/\\\/schema.org\",\"@graph\":[{\"@type\":\"WebPage\",\"@id\":\"https:\\\/\\\/www.sov-et.ch\\\/index.php\\\/datenschutzbestimmungen\\\/\",\"url\":\"https:\\\/\\\/www.sov-et.ch\\\/index.php\\\/datenschutzbestimmungen\\\/\",\"name\":\"DATENSCHUTZBESTIMMUNGEN - Orientteppiche\",\"isPartOf\":{\"@id\":\"https:\\\/\\\/www.sov-et.ch\\\/#website\"},\"datePublished\":\"2025-01-30T09:11:03+00:00\",\"dateModified\":\"2025-01-30T09:43:15+00:00\",\"breadcrumb\":{\"@id\":\"https:\\\/\\\/www.sov-et.ch\\\/index.php\\\/datenschutzbestimmungen\\\/#breadcrumb\"},\"inLanguage\":\"de\",\"potentialAction\":[{\"@type\":\"ReadAction\",\"target\":[\"https:\\\/\\\/www.sov-et.ch\\\/index.php\\\/datenschutzbestimmungen\\\/\"]}]},{\"@type\":\"BreadcrumbList\",\"@id\":\"https:\\\/\\\/www.sov-et.ch\\\/index.php\\\/datenschutzbestimmungen\\\/#breadcrumb\",\"itemListElement\":[{\"@type\":\"ListItem\",\"position\":1,\"name\":\"Startseite\",\"item\":\"https:\\\/\\\/www.sov-et.ch\\\/\"},{\"@type\":\"ListItem\",\"position\":2,\"name\":\"DATENSCHUTZBESTIMMUNGEN\"}]},{\"@type\":\"WebSite\",\"@id\":\"https:\\\/\\\/www.sov-et.ch\\\/#website\",\"url\":\"https:\\\/\\\/www.sov-et.ch\\\/\",\"name\":\"Orientteppiche\",\"description\":\"Schweiz. Orientteppichh&auml;ndler Vereinigung\",\"publisher\":{\"@id\":\"https:\\\/\\\/www.sov-et.ch\\\/#organization\"},\"alternateName\":\"Teppiche\",\"potentialAction\":[{\"@type\":\"SearchAction\",\"target\":{\"@type\":\"EntryPoint\",\"urlTemplate\":\"https:\\\/\\\/www.sov-et.ch\\\/?s={search_term_string}\"},\"query-input\":{\"@type\":\"PropertyValueSpecification\",\"valueRequired\":true,\"valueName\":\"search_term_string\"}}],\"inLanguage\":\"de\"},{\"@type\":\"Organization\",\"@id\":\"https:\\\/\\\/www.sov-et.ch\\\/#organization\",\"name\":\"Schweiz. Orientteppichh\u00e4ndler Vereinigung\",\"alternateName\":\"Orientteppiche\",\"url\":\"https:\\\/\\\/www.sov-et.ch\\\/\",\"logo\":{\"@type\":\"ImageObject\",\"inLanguage\":\"de\",\"@id\":\"https:\\\/\\\/www.sov-et.ch\\\/#\\\/schema\\\/logo\\\/image\\\/\",\"url\":\"http:\\\/\\\/www.sov-et.ch\\\/wp-content\\\/uploads\\\/2025\\\/01\\\/HAND.jpg\",\"contentUrl\":\"http:\\\/\\\/www.sov-et.ch\\\/wp-content\\\/uploads\\\/2025\\\/01\\\/HAND.jpg\",\"width\":164,\"height\":273,\"caption\":\"Schweiz. Orientteppichh\u00e4ndler Vereinigung\"},\"image\":{\"@id\":\"https:\\\/\\\/www.sov-et.ch\\\/#\\\/schema\\\/logo\\\/image\\\/\"}}]}<\/script>\n<!-- \/ Yoast SEO plugin. -->","yoast_head_json":{"title":"DATENSCHUTZBESTIMMUNGEN - Orientteppiche","robots":{"index":"index","follow":"follow","max-snippet":"max-snippet:-1","max-image-preview":"max-image-preview:large","max-video-preview":"max-video-preview:-1"},"canonical":"https:\/\/www.sov-et.ch\/index.php\/datenschutzbestimmungen\/","og_locale":"de_DE","og_type":"article","og_title":"DATENSCHUTZBESTIMMUNGEN - Orientteppiche","og_description":"DATENSCHUTZBESTIMMUNGEN \u00a0DER \u00a0SCHWEIZERISCHEN ORIENTTEPPICHH\u00c4NDLER \u00a0VEREINIGUNG \u00a0SOV &nbsp;INHALTSVERZEICHNIS Zielsetzung und verantwortliche Stelle Grunds\u00e4tzliche Angaben zur Datenverarbeitung Verarbeitung personenbezogener Daten Erhebung von Zugriffsdaten Cookies &amp; Reichweitenmessung Google Analytics Google-Re\/Marketing-Services Facebook Social Plugins Facebook Remarketing Newsletter Einbindung von Diensten und Inhalten Dritter Rechte der Nutzer und L\u00f6schung \u00c4nderungen der Datenschutzerkl\u00e4rung ZIELSETZUNG UND VERANTWORTLICHE STELLE Diese Datenschutzerkl\u00e4rung kl\u00e4rt \u00fcber [&hellip;]","og_url":"https:\/\/www.sov-et.ch\/index.php\/datenschutzbestimmungen\/","og_site_name":"Orientteppiche","article_modified_time":"2025-01-30T09:43:15+00:00","og_image":[{"width":392,"height":256,"url":"https:\/\/www.sov-et.ch\/wp-content\/uploads\/2025\/01\/Endlosknoten-Kopie.jpg","type":"image\/jpeg"}],"twitter_card":"summary_large_image","twitter_misc":{"Gesch\u00e4tzte Lesezeit":"11\u00a0Minuten"},"schema":{"@context":"https:\/\/schema.org","@graph":[{"@type":"WebPage","@id":"https:\/\/www.sov-et.ch\/index.php\/datenschutzbestimmungen\/","url":"https:\/\/www.sov-et.ch\/index.php\/datenschutzbestimmungen\/","name":"DATENSCHUTZBESTIMMUNGEN - Orientteppiche","isPartOf":{"@id":"https:\/\/www.sov-et.ch\/#website"},"datePublished":"2025-01-30T09:11:03+00:00","dateModified":"2025-01-30T09:43:15+00:00","breadcrumb":{"@id":"https:\/\/www.sov-et.ch\/index.php\/datenschutzbestimmungen\/#breadcrumb"},"inLanguage":"de","potentialAction":[{"@type":"ReadAction","target":["https:\/\/www.sov-et.ch\/index.php\/datenschutzbestimmungen\/"]}]},{"@type":"BreadcrumbList","@id":"https:\/\/www.sov-et.ch\/index.php\/datenschutzbestimmungen\/#breadcrumb","itemListElement":[{"@type":"ListItem","position":1,"name":"Startseite","item":"https:\/\/www.sov-et.ch\/"},{"@type":"ListItem","position":2,"name":"DATENSCHUTZBESTIMMUNGEN"}]},{"@type":"WebSite","@id":"https:\/\/www.sov-et.ch\/#website","url":"https:\/\/www.sov-et.ch\/","name":"Orientteppiche","description":"Schweiz. Orientteppichh&auml;ndler Vereinigung","publisher":{"@id":"https:\/\/www.sov-et.ch\/#organization"},"alternateName":"Teppiche","potentialAction":[{"@type":"SearchAction","target":{"@type":"EntryPoint","urlTemplate":"https:\/\/www.sov-et.ch\/?s={search_term_string}"},"query-input":{"@type":"PropertyValueSpecification","valueRequired":true,"valueName":"search_term_string"}}],"inLanguage":"de"},{"@type":"Organization","@id":"https:\/\/www.sov-et.ch\/#organization","name":"Schweiz. Orientteppichh\u00e4ndler Vereinigung","alternateName":"Orientteppiche","url":"https:\/\/www.sov-et.ch\/","logo":{"@type":"ImageObject","inLanguage":"de","@id":"https:\/\/www.sov-et.ch\/#\/schema\/logo\/image\/","url":"http:\/\/www.sov-et.ch\/wp-content\/uploads\/2025\/01\/HAND.jpg","contentUrl":"http:\/\/www.sov-et.ch\/wp-content\/uploads\/2025\/01\/HAND.jpg","width":164,"height":273,"caption":"Schweiz. Orientteppichh\u00e4ndler Vereinigung"},"image":{"@id":"https:\/\/www.sov-et.ch\/#\/schema\/logo\/image\/"}}]}},"_links":{"self":[{"href":"https:\/\/www.sov-et.ch\/index.php\/wp-json\/wp\/v2\/pages\/660","targetHints":{"allow":["GET"]}}],"collection":[{"href":"https:\/\/www.sov-et.ch\/index.php\/wp-json\/wp\/v2\/pages"}],"about":[{"href":"https:\/\/www.sov-et.ch\/index.php\/wp-json\/wp\/v2\/types\/page"}],"author":[{"embeddable":true,"href":"https:\/\/www.sov-et.ch\/index.php\/wp-json\/wp\/v2\/users\/1"}],"replies":[{"embeddable":true,"href":"https:\/\/www.sov-et.ch\/index.php\/wp-json\/wp\/v2\/comments?post=660"}],"version-history":[{"count":4,"href":"https:\/\/www.sov-et.ch\/index.php\/wp-json\/wp\/v2\/pages\/660\/revisions"}],"predecessor-version":[{"id":675,"href":"https:\/\/www.sov-et.ch\/index.php\/wp-json\/wp\/v2\/pages\/660\/revisions\/675"}],"wp:attachment":[{"href":"https:\/\/www.sov-et.ch\/index.php\/wp-json\/wp\/v2\/media?parent=660"}],"curies":[{"name":"wp","href":"https:\/\/api.w.org\/{rel}","templated":true}]}}